

{"id":10022,"date":"2020-02-19T15:59:52","date_gmt":"2020-02-19T14:59:52","guid":{"rendered":"https:\/\/www.eurosystems-spa.itprodotto\/minieffe\/"},"modified":"2026-04-08T12:54:50","modified_gmt":"2026-04-08T11:54:50","slug":"minieffe","status":"publish","type":"product","link":"https:\/\/www.eurosystems-spa.it\/de\/prodotto\/minieffe\/","title":{"rendered":"MINIEFFE\/M150"},"content":{"rendered":"<p>[vc_row][vc_column][vc_tta_tour style=&#8221;modern&#8221; shape=&#8221;square&#8221; color=&#8221;white&#8221; active_section=&#8221;&#8221;][vc_tta_section title=&#8221;SICHEL-MULCHM\u00c4HWERK &#8220;CLASSIC&#8220;&#8221; tab_id=&#8221;1608710880666-cdb5d6bd-d991&#8243;][vc_row_inner equal_height=&#8221;yes&#8221; content_placement=&#8221;middle&#8221; css=&#8221;.vc_custom_1618833584961{margin-bottom: 20px !important;}&#8221; el_class=&#8221;inverti-mobile&#8221;][vc_column_inner width=&#8221;1\/2&#8243;][vc_images_carousel images=&#8221;10823,10819,10815&#8243; img_size=&#8221;full&#8221; onclick=&#8221;link_no&#8221; autoplay=&#8221;yes&#8221; hide_pagination_control=&#8221;yes&#8221; wrap=&#8221;yes&#8221;][\/vc_column_inner][vc_column_inner width=&#8221;1\/2&#8243;][vc_column_text]Der Sichelmulchfm\u00e4her MINIEFFE CLASSIC ist ein ideales Ger\u00e4t f\u00fcr die S\u00e4uberung von unbewirtschaftetem Land und kleinen Waldfl\u00e4chen. Er ist einfach und robust und erm\u00f6glicht eine effiziente Beseitigung von Gras bis zu einer H\u00f6he von 60 cm. Die Schnittbreite von 53 cm macht ihn zu einem perfekten Ger\u00e4t f\u00fcr Fl\u00e4chen bis 2.500 m\u00b2.[\/vc_column_text][\/vc_column_inner][\/vc_row_inner][vc_row_inner equal_height=&#8221;yes&#8221; content_placement=&#8221;middle&#8221;][vc_column_inner width=&#8221;1\/2&#8243;][vc_column_text]Einzelklinge aus Stahl mit vertikaler Achse und doppeltem Schneidwerkzeug. Schnittbreite 53 cm.[\/vc_column_text][\/vc_column_inner][vc_column_inner width=&#8221;1\/2&#8243;][vc_single_image image=&#8221;4292&#8243; img_size=&#8221;full&#8221; onclick=&#8221;link_image&#8221;][\/vc_column_inner][\/vc_row_inner][vc_row_inner equal_height=&#8221;yes&#8221; content_placement=&#8221;middle&#8221; el_class=&#8221;inverti-mobile&#8221;][vc_column_inner width=&#8221;1\/2&#8243;][vc_single_image image=&#8221;10827&#8243; img_size=&#8221;full&#8221; onclick=&#8221;link_image&#8221;][\/vc_column_inner][vc_column_inner width=&#8221;1\/2&#8243;][vc_column_text]Seitliche Blechschlitten mit Frontsto\u00dfstange und Schutzplane. \u00dcber die Schlitten kann die Schnitth\u00f6he auf 5, 8 oder 10,5 cm eingestellt werden.[\/vc_column_text][\/vc_column_inner][\/vc_row_inner][vc_row_inner equal_height=&#8221;yes&#8221; content_placement=&#8221;middle&#8221;][vc_column_inner][vc_column_text]<\/p>\n<table style=\"border-collapse: collapse; width: 100%; height: 216px;\">\n<tbody>\n<tr style=\"height: 24px;\">\n<td style=\"width: 50%; height: 24px;\"><strong>Funktion<\/strong>:<\/td>\n<td style=\"width: 50%; height: 24px;\">Einzelrotor, Einzelklinge<\/p>\n<p><em>*nicht verwendbar mit B&amp;S450-Motor<\/em><\/td>\n<\/tr>\n<tr style=\"height: 24px;\">\n<td style=\"width: 50%; height: 24px;\"><strong>Rahmen<\/strong>:<\/td>\n<td style=\"width: 50%; height: 24px;\">aus Blech<\/td>\n<\/tr>\n<tr style=\"height: 24px;\">\n<td style=\"width: 50%; height: 24px;\"><strong>Arbeitsbreite<\/strong>:<\/td>\n<td style=\"width: 50%; height: 24px;\">53 cm<\/td>\n<\/tr>\n<tr style=\"height: 24px;\">\n<td style=\"width: 50%; height: 24px;\"><strong>Einstellungen<\/strong>:<\/td>\n<td style=\"width: 50%; height: 24px;\">Schnitth\u00f6he 5, 8 oder 7,5 cm, feste Positionen<\/td>\n<\/tr>\n<tr style=\"height: 24px;\">\n<td style=\"width: 50%; height: 24px;\"><strong>Umdrehungen pro Minute: <\/strong><\/td>\n<td style=\"width: 50%; height: 24px;\">2200-2300<\/td>\n<\/tr>\n<tr>\n<td style=\"width: 50%;\"><strong>Transportr\u00e4der<\/strong>:<\/td>\n<td style=\"width: 50%;\">&#8211;<\/td>\n<\/tr>\n<tr style=\"height: 24px;\">\n<td style=\"width: 50%; height: 24px;\"><strong>Sonstiges<\/strong>:<\/td>\n<td style=\"width: 50%; height: 24px;\">seitliche Gleitkufen,<br \/>\nFrontschutzplane<\/td>\n<\/tr>\n<tr style=\"height: 24px;\">\n<td style=\"width: 50%; height: 24px;\"><strong>Empfohlene Verwendung<\/strong>:<\/td>\n<td style=\"width: 50%; height: 24px;\">bis zu 2.500 m\u00b2<\/td>\n<\/tr>\n<tr style=\"height: 24px;\">\n<td style=\"width: 50%; height: 24px;\"><strong>Nettogewicht<\/strong>:<\/td>\n<td style=\"width: 50%; height: 24px;\">18 Kg<\/td>\n<\/tr>\n<tr style=\"height: 24px;\">\n<td style=\"width: 50%; height: 24px;\"><strong>Abmessungen<\/strong>:<\/td>\n<td style=\"width: 50%; height: 24px;\">54x94x31,5(h) cm<\/td>\n<\/tr>\n<\/tbody>\n<\/table>\n<p>[\/vc_column_text][\/vc_column_inner][\/vc_row_inner][\/vc_tta_section][vc_tta_section title=&#8221;SICHEL-MULCHM\u00c4HWERK &#8220;PRO&#8220;&#8221; tab_id=&#8221;1723032265885-60334b8b-0e8c&#8221;][vc_row_inner equal_height=&#8221;yes&#8221; content_placement=&#8221;middle&#8221; css=&#8221;.vc_custom_1618833584961{margin-bottom: 20px !important;}&#8221; el_class=&#8221;inverti-mobile&#8221;][vc_column_inner width=&#8221;1\/2&#8243;][vc_images_carousel images=&#8221;10831,10835,10839&#8243; img_size=&#8221;full&#8221; onclick=&#8221;link_no&#8221; autoplay=&#8221;yes&#8221; hide_pagination_control=&#8221;yes&#8221; wrap=&#8221;yes&#8221;][\/vc_column_inner][vc_column_inner width=&#8221;1\/2&#8243;][vc_column_text]Der Sichelmulcher PRO verf\u00fcgt \u00fcber zwei Besonderheiten: Einen Messertr\u00e4ger mit 4 St\u00fcck pendelnd aufgeh\u00e4ngten Mulch-Messerklingen und das neue System zur Schnitth\u00f6henverstellung vom Lenker aus auf 5- 8- und 10,5 cm.[\/vc_column_text][\/vc_column_inner][\/vc_row_inner][vc_row_inner equal_height=&#8221;yes&#8221; content_placement=&#8221;middle&#8221;][vc_column_inner width=&#8221;1\/2&#8243;][vc_column_text]Mit der ersten Funktion k\u00f6nnen Sie noch effizienter arbeiten. Durch besseres Zerkleinern von Pflanzenresten und das Schneiden dicker Brombeerstr\u00e4ucher und sehr hoher Wildgr\u00e4ser.[\/vc_column_text][\/vc_column_inner][vc_column_inner width=&#8221;1\/2&#8243;][vc_single_image image=&#8221;10809&#8243; img_size=&#8221;full&#8221; onclick=&#8221;link_image&#8221;][\/vc_column_inner][\/vc_row_inner][vc_row_inner equal_height=&#8221;yes&#8221; content_placement=&#8221;middle&#8221; el_class=&#8221;inverti-mobile&#8221;][vc_column_inner width=&#8221;1\/2&#8243;][vc_single_image image=&#8221;11474&#8243; img_size=&#8221;full&#8221; onclick=&#8221;link_image&#8221;][\/vc_column_inner][vc_column_inner width=&#8221;1\/2&#8243;][vc_column_text]Die zweite Funktion ist n\u00fctzlich, wenn Sie die Schnitth\u00f6he schnell \u00e4ndern m\u00fcssen, sowohl aus \u00e4sthetischen als auch aus praktischen Gr\u00fcnden, wie zum Beispiel bei Vertiefungen in unebenem Gel\u00e4nde. So werden Besch\u00e4digungen am Messer und auf der Wiese vermieden.[\/vc_column_text][\/vc_column_inner][\/vc_row_inner][vc_row_inner equal_height=&#8221;yes&#8221; content_placement=&#8221;middle&#8221;][vc_column_inner][vc_column_text]<\/p>\n<table style=\"border-collapse: collapse; width: 100%; height: 216px;\">\n<tbody>\n<tr style=\"height: 24px;\">\n<td style=\"width: 50%; height: 24px;\"><strong>Funktion<\/strong>:<\/td>\n<td style=\"width: 50%; height: 24px;\">Einen Messertr\u00e4ger mit 4 St\u00fcck pendelnd<\/p>\n<p><em>*nicht verwendbar mit B&amp;S450-Motor<\/em><\/td>\n<\/tr>\n<tr style=\"height: 24px;\">\n<td style=\"width: 50%; height: 24px;\"><strong>Rahmen<\/strong>:<\/td>\n<td style=\"width: 50%; height: 24px;\">Stahlgeh\u00e4use<\/td>\n<\/tr>\n<tr style=\"height: 24px;\">\n<td style=\"width: 50%; height: 24px;\"><strong>Arbeitsbreite<\/strong>:<\/td>\n<td style=\"width: 50%; height: 24px;\">53 cm<\/td>\n<\/tr>\n<tr style=\"height: 24px;\">\n<td style=\"width: 50%; height: 24px;\"><strong>Einstellungen<\/strong>:<\/td>\n<td style=\"width: 50%;\">Schnitth\u00f6he 5, 8 oder 10,5 cm, feste Positionen<\/td>\n<\/tr>\n<tr style=\"height: 24px;\">\n<td style=\"width: 50%; height: 24px;\"><strong>Umdrehungen pro Minute: <\/strong><\/td>\n<td style=\"width: 50%; height: 24px;\">2200-2300<\/td>\n<\/tr>\n<tr>\n<td style=\"width: 50%;\"><strong>Transportr\u00e4der<\/strong>:<\/td>\n<td style=\"width: 50%;\">&#8211;<\/td>\n<\/tr>\n<tr style=\"height: 24px;\">\n<td style=\"width: 50%; height: 24px;\"><strong>Sonstiges<\/strong>:<\/td>\n<td style=\"width: 50%; height: 24px;\">System zur Schnitth\u00f6henverstellung vom Lenker,<br \/>\nFrontschutzplane<\/td>\n<\/tr>\n<tr style=\"height: 24px;\">\n<td style=\"width: 50%; height: 24px;\"><strong>Empfohlene Verwendung<\/strong>:<\/td>\n<td style=\"width: 50%; height: 24px;\">bis zu 2.500 m\u00b2<\/td>\n<\/tr>\n<tr style=\"height: 24px;\">\n<td style=\"width: 50%; height: 24px;\"><strong>Nettogewicht<\/strong>:<\/td>\n<td style=\"width: 50%; height: 24px;\">23,5 Kg<\/td>\n<\/tr>\n<tr style=\"height: 24px;\">\n<td style=\"width: 50%; height: 24px;\"><strong>Abmessungen<\/strong>:<\/td>\n<td style=\"width: 50%; height: 24px;\">61,5x95x35(h) cm<\/td>\n<\/tr>\n<\/tbody>\n<\/table>\n<p>[\/vc_column_text][\/vc_column_inner][\/vc_row_inner][\/vc_tta_section][vc_tta_section title=&#8221;FADENSCHNEIDER&#8221; tab_id=&#8221;1663569464297-64e4aab2-3116&#8243;][vc_row_inner equal_height=&#8221;yes&#8221; content_placement=&#8221;middle&#8221; css=&#8221;.vc_custom_1618833584961{margin-bottom: 20px !important;}&#8221; el_class=&#8221;inverti-mobile&#8221;][vc_column_inner width=&#8221;1\/2&#8243;][vc_images_carousel images=&#8221;10855,10851,10847,10859&#8243; img_size=&#8221;full&#8221; onclick=&#8221;link_no&#8221; autoplay=&#8221;yes&#8221; hide_pagination_control=&#8221;yes&#8221; wrap=&#8221;yes&#8221;][\/vc_column_inner][vc_column_inner width=&#8221;1\/2&#8243;][vc_column_text]Extrem vielseitiges Ger\u00e4t zum M\u00e4hen von Gras in allen Kontexten und zum Trimmen von R\u00e4ndern, Blumenbeeten und Gehwegen.[\/vc_column_text][\/vc_column_inner][\/vc_row_inner][vc_row_inner equal_height=&#8221;yes&#8221; content_placement=&#8221;middle&#8221;][vc_column_inner width=&#8221;1\/2&#8243;][vc_column_text]Der patentierte Antrieb erm\u00f6glicht die seitliche Verschiebung des Werkzeugarms in 4 Positionen, w\u00e4hrend der M\u00e4hteller um 6 Grad gedreht werden kann, wodurch jeder Rand perfekt ges\u00e4ubert werden kann.[\/vc_column_text][\/vc_column_inner][vc_column_inner width=&#8221;1\/2&#8243;][vc_single_image image=&#8221;10867&#8243; img_size=&#8221;full&#8221; onclick=&#8221;link_image&#8221;][\/vc_column_inner][\/vc_row_inner][vc_row_inner equal_height=&#8221;yes&#8221; content_placement=&#8221;middle&#8221; el_class=&#8221;inverti-mobile&#8221;][vc_column_inner width=&#8221;1\/2&#8243;][vc_single_image image=&#8221;10863&#8243; img_size=&#8221;full&#8221; onclick=&#8221;link_image&#8221;][\/vc_column_inner][vc_column_inner width=&#8221;1\/2&#8243;][vc_column_text]Die einzigartige Kabelverl\u00e4ngerungssteuerung, die sich direkt am Lenker befindet, tr\u00e4gt zu einem komfortablen und schnellen Arbeiten bei.[\/vc_column_text][\/vc_column_inner][\/vc_row_inner][vc_row_inner equal_height=&#8221;yes&#8221; content_placement=&#8221;middle&#8221;][vc_column_inner][vc_column_text]<\/p>\n<table style=\"border-collapse: collapse; width: 100%; height: 240px;\">\n<tbody>\n<tr style=\"height: 24px;\">\n<td style=\"width: 50%; height: 24px;\"><strong>Funktion<\/strong>:<\/td>\n<td style=\"width: 50%; height: 24px;\">b\u00fcndig aufrollbarer Schneidkopf<\/p>\n<p><em>*nicht verwendbar mit B&amp;S450-Motor<\/em><\/td>\n<\/tr>\n<tr style=\"height: 24px;\">\n<td style=\"width: 50%; height: 24px;\"><strong>Werkzeuge:<\/strong><\/td>\n<td style=\"width: 50%;\">Kabel \u00d83mm, Kabelkapazit\u00e4t im Sitz ca. 7,5 Meter<\/td>\n<\/tr>\n<tr style=\"height: 24px;\">\n<td style=\"width: 50%; height: 24px;\"><strong>Arbeitsbreite<\/strong>:<\/td>\n<td style=\"width: 50%; height: 24px;\">60 cm<\/td>\n<\/tr>\n<tr style=\"height: 24px;\">\n<td style=\"width: 50%; height: 24px;\"><strong>Schnitth\u00f6he:<\/strong><\/td>\n<td style=\"width: 50%; height: 24px;\">20 und 40 mm<\/td>\n<\/tr>\n<tr style=\"height: 24px;\">\n<td style=\"width: 50%; height: 24px;\"><strong>Einstellungen: <\/strong><\/td>\n<td style=\"width: 50%; height: 24px;\">Seitliche Neigung des Tellers in zwei Positionen : 0 und 6.<\/p>\n<p>Neigung des Schneidarms in 4 Positionen : 0, 15 , 30 und 45\u00b0<\/td>\n<\/tr>\n<tr style=\"height: 24px;\">\n<td style=\"width: 50%; height: 24px;\"><strong>Transportr\u00e4der<\/strong>:<\/td>\n<td style=\"width: 50%; height: 24px;\">&#8211;<\/td>\n<\/tr>\n<tr style=\"height: 24px;\">\n<td style=\"width: 50%; height: 24px;\"><strong>Sonstiges<\/strong>:<\/td>\n<td style=\"width: 50%; height: 24px;\">manuelle Lenkerbedienung zur Kabelverl\u00e4ngerung des Kopfes<\/p>\n<p>St\u00fctzgegenablage mit Losdrehlager<\/p>\n<p>Blechschutzschotte<\/p>\n<p>Kabelschneidemesser<\/td>\n<\/tr>\n<tr style=\"height: 24px;\">\n<td style=\"width: 50%; height: 24px;\"><strong>Nettogewicht<\/strong>:<\/td>\n<td style=\"width: 50%; height: 24px;\">20 Kg<\/td>\n<\/tr>\n<tr style=\"height: 24px;\">\n<td style=\"width: 50%; height: 24px;\"><strong>Abmessungen<\/strong>:<\/td>\n<td style=\"width: 50%; height: 24px;\">88x62x41(h) cm<\/td>\n<\/tr>\n<\/tbody>\n<\/table>\n<p>[\/vc_column_text][\/vc_column_inner][\/vc_row_inner][\/vc_tta_section][vc_tta_section title=&#8221;SCHEIBENM\u00c4HWERK&#8221; tab_id=&#8221;1610460903661-0954e7be-7c24&#8243;][vc_row_inner equal_height=&#8221;yes&#8221; content_placement=&#8221;middle&#8221; css=&#8221;.vc_custom_1618833738135{margin-bottom: 20px !important;}&#8221; el_class=&#8221;inverti-mobile&#8221;][vc_column_inner width=&#8221;1\/2&#8243;][vc_images_carousel images=&#8221;10871,10875,10879&#8243; img_size=&#8221;full&#8221; onclick=&#8221;link_no&#8221; autoplay=&#8221;yes&#8221; hide_pagination_control=&#8221;yes&#8221; wrap=&#8221;yes&#8221;][\/vc_column_inner][vc_column_inner width=&#8221;1\/2&#8243;][vc_column_text]Ger\u00e4t zum M\u00e4hen von Gras und zur Reinigung von unbearbeiteten Gr\u00fcnfl\u00e4chen. Die Minieffe-Drehsichel ist dank ihres Systems mit schwenkbaren Doppelmessern extrem robust und wartungsarm[\/vc_column_text][\/vc_column_inner][\/vc_row_inner][vc_row_inner equal_height=&#8221;yes&#8221; content_placement=&#8221;middle&#8221;][vc_column_inner width=&#8221;1\/2&#8243;][vc_column_text]4 Einsteckmesser aus Stahl mit doppelter Schneide<br \/>\nArbeitsbreite 57 cm[\/vc_column_text][\/vc_column_inner][vc_column_inner width=&#8221;1\/2&#8243;][vc_single_image image=&#8221;10883&#8243; img_size=&#8221;full&#8221; css=&#8221;.vc_custom_1723032249423{margin-bottom: 10px !important;border-bottom-width: 10px !important;padding-bottom: 50px !important;}&#8221;][\/vc_column_inner][\/vc_row_inner][vc_row_inner equal_height=&#8221;yes&#8221; content_placement=&#8221;middle&#8221;][vc_column_inner][vc_column_text]<\/p>\n<table style=\"border-collapse: collapse; width: 100%; height: 216px;\">\n<tbody>\n<tr style=\"height: 24px;\">\n<td style=\"width: 50%; height: 24px;\"><strong>Funktion<\/strong>:<\/td>\n<td style=\"width: 50%; height: 24px;\">4 Einsteckmesser aus Stahl mit doppelter Schneide<\/p>\n<p><em>*nicht verwendbar mit B&amp;S450-Motor<\/em><\/td>\n<\/tr>\n<tr style=\"height: 24px;\">\n<td style=\"width: 50%; height: 24px;\"><strong>Rahmen<\/strong>:<\/td>\n<td style=\"width: 50%; height: 24px;\">aus Blech, oberer F\u00f6rderer aus Kunststoff<\/td>\n<\/tr>\n<tr style=\"height: 24px;\">\n<td style=\"width: 50%; height: 24px;\"><strong>Arbeitsbreite<\/strong>:<\/td>\n<td style=\"width: 50%; height: 24px;\">57 cm<\/td>\n<\/tr>\n<tr style=\"height: 24px;\">\n<td style=\"width: 50%; height: 24px;\"><strong>Einstellungen<\/strong>:<\/td>\n<td style=\"width: 50%; height: 24px;\">feste Schnitth\u00f6he 3,2 cm<\/td>\n<\/tr>\n<tr>\n<td style=\"width: 50%;\"><strong>Umdrehungen pro Minute<\/strong><\/td>\n<td style=\"width: 50%;\">2150-2250<\/td>\n<\/tr>\n<tr style=\"height: 24px;\">\n<td style=\"width: 50%; height: 24px;\"><strong>Transportr\u00e4der<\/strong>:<\/td>\n<td style=\"width: 50%; height: 24px;\">&#8211;<\/td>\n<\/tr>\n<tr style=\"height: 24px;\">\n<td style=\"width: 50%; height: 24px;\"><strong>Sonstiges<\/strong>:<\/td>\n<td style=\"width: 50%; height: 24px;\">Schwader-Kit (nicht im Lieferumfang enthalten): Seitenstreifen mit Plane<\/td>\n<\/tr>\n<tr style=\"height: 24px;\">\n<td style=\"width: 50%; height: 24px;\"><strong>Empfohlene Verwendung<\/strong>:<\/td>\n<td style=\"width: 50%;\" width=\"412\">bis zu 3.000 m\u00b2<\/td>\n<\/tr>\n<tr style=\"height: 24px;\">\n<td style=\"width: 50%; height: 24px;\"><strong>Nettogewicht<\/strong>:<\/td>\n<td style=\"width: 50%; height: 24px;\">25 Kg<\/td>\n<\/tr>\n<tr style=\"height: 24px;\">\n<td style=\"width: 50%; height: 24px;\"><strong>Abmessungen<\/strong>:<\/td>\n<td style=\"width: 50%; height: 24px;\">64x76x45(h) cm<\/td>\n<\/tr>\n<\/tbody>\n<\/table>\n<p>[\/vc_column_text][\/vc_column_inner][\/vc_row_inner][\/vc_tta_section][vc_tta_section title=&#8221;M\u00c4HBALKEN&#8221; tab_id=&#8221;1610446832409-2e2cf4c2-ce57&#8243;][vc_row_inner equal_height=&#8221;yes&#8221; content_placement=&#8221;middle&#8221; css=&#8221;.vc_custom_1618833759398{margin-bottom: 20px !important;}&#8221; el_class=&#8221;inverti-mobile&#8221;][vc_column_inner width=&#8221;1\/2&#8243;][vc_images_carousel images=&#8221;4260,5195&#8243; img_size=&#8221;full&#8221; onclick=&#8221;link_no&#8221; autoplay=&#8221;yes&#8221; hide_pagination_control=&#8221;yes&#8221; wrap=&#8221;yes&#8221;][\/vc_column_inner][vc_column_inner width=&#8221;1\/2&#8243;][vc_column_text]Der M\u00e4hbalken Minieffe ist das ideale Ger\u00e4t zum M\u00e4hen von Gras f\u00fcr die Heuernte. Die Arbeitsbreite und die patentierte Bewegung machen dieses Ger\u00e4t extrem effizient und schnell in der Arbeit, ideal f\u00fcr saubere und ebene Bereiche.[\/vc_column_text][\/vc_column_inner][\/vc_row_inner][vc_row_inner equal_height=&#8221;yes&#8221; content_placement=&#8221;middle&#8221;][vc_column_inner width=&#8221;1\/2&#8243;][vc_column_text]Patentierte Klingenbewegung mit selbstschmierendem Kopf und Pleuelstange mit Lagern f\u00fcr l\u00e4ngere Lebensdauer und weniger Wartung.[\/vc_column_text][\/vc_column_inner][vc_column_inner width=&#8221;1\/2&#8243;][vc_single_image image=&#8221;4330&#8243; img_size=&#8221;full&#8221;][\/vc_column_inner][\/vc_row_inner][vc_row_inner equal_height=&#8221;yes&#8221; content_placement=&#8221;middle&#8221; el_class=&#8221;inverti-mobile&#8221;][vc_column_inner width=&#8221;1\/2&#8243;][vc_single_image image=&#8221;5179&#8243; img_size=&#8221;full&#8221; css=&#8221;.vc_custom_1618236704845{padding-bottom: 35px !important;}&#8221;][\/vc_column_inner][vc_column_inner width=&#8221;1\/2&#8243;][vc_column_text]Patentierter doppelter oszillierender Deflektor f\u00fcr eine bessere Streuung des geschnittenen Grases.[\/vc_column_text][\/vc_column_inner][\/vc_row_inner][vc_row_inner equal_height=&#8221;yes&#8221; content_placement=&#8221;middle&#8221;][vc_column_inner][vc_column_text]<\/p>\n<table style=\"border-collapse: collapse; width: 100%; height: 240px;\">\n<tbody>\n<tr style=\"height: 24px;\">\n<td style=\"width: 50%; height: 24px;\"><strong>Funktion<\/strong>:<\/td>\n<td style=\"width: 50%; height: 24px;\">Einzelklingen-Arbeitsbewegung<\/td>\n<\/tr>\n<tr style=\"height: 24px;\">\n<td style=\"width: 50%; height: 24px;\"><strong>Rahmen<\/strong>:<\/td>\n<td style=\"width: 50%; height: 24px;\">Blechhalterung, Kunststoffhaube<\/td>\n<\/tr>\n<tr style=\"height: 24px;\">\n<td style=\"width: 50%; height: 24px;\"><strong>Arbeitsbreite<\/strong>:<\/td>\n<td style=\"width: 50%; height: 24px;\">87 cm<\/td>\n<\/tr>\n<tr style=\"height: 24px;\">\n<td style=\"width: 50%; height: 24px;\"><strong>Einstellungen<\/strong>:<\/td>\n<td style=\"width: 50%; height: 24px;\">Schnitth\u00f6he 2,0 cm<\/td>\n<\/tr>\n<tr style=\"height: 24px;\">\n<td style=\"width: 50%; height: 24px;\"><strong>Anschl\u00e4ge\/Minute:<\/strong><strong><br \/>\n<\/strong><\/td>\n<td style=\"width: 50%; height: 24px;\">800-900<\/td>\n<\/tr>\n<tr style=\"height: 24px;\">\n<td style=\"width: 50%; height: 24px;\"><strong>Transportr\u00e4der<\/strong>:<\/td>\n<td style=\"width: 50%; height: 24px;\">&#8211;<\/td>\n<\/tr>\n<tr style=\"height: 24px;\">\n<td style=\"width: 50%; height: 24px;\"><strong>Sonstiges<\/strong>:<\/td>\n<td style=\"width: 50%; height: 24px;\">Eurosystems-Patente:<br \/>\n&#8211; Einzelklingen-Bewegung mit selbstschmierendem Kopf<br \/>\n&#8211; doppelter Grasstreuer-Deflektor<\/td>\n<\/tr>\n<tr style=\"height: 24px;\">\n<td style=\"width: 50%; height: 24px;\"><strong>Empfohlene Verwendung<\/strong>:<\/td>\n<td style=\"width: 50%;\" width=\"412\">bis zu 5.000 m\u00b2<\/td>\n<\/tr>\n<tr style=\"height: 24px;\">\n<td style=\"width: 50%; height: 24px;\"><strong>Nettogewicht<\/strong>:<\/td>\n<td style=\"width: 50%; height: 24px;\">13,5 Kg<\/td>\n<\/tr>\n<tr style=\"height: 24px;\">\n<td style=\"width: 50%; height: 24px;\"><strong>Abmessungen<\/strong>:<\/td>\n<td style=\"width: 50%; height: 24px;\">93x53x30(h) cm<\/td>\n<\/tr>\n<\/tbody>\n<\/table>\n<p>[\/vc_column_text][\/vc_column_inner][\/vc_row_inner][\/vc_tta_section][vc_tta_section title=&#8221;SCHNEER\u00c4UMSCHILD&#8221; tab_id=&#8221;1610446905157-72940ac1-9fba&#8221;][vc_row_inner equal_height=&#8221;yes&#8221; content_placement=&#8221;middle&#8221; css=&#8221;.vc_custom_1618833791912{margin-bottom: 20px !important;}&#8221; el_class=&#8221;inverti-mobile&#8221;][vc_column_inner width=&#8221;1\/2&#8243;][vc_images_carousel images=&#8221;4280,4338,4342&#8243; img_size=&#8221;full&#8221; onclick=&#8221;link_no&#8221; autoplay=&#8221;yes&#8221; hide_pagination_control=&#8221;yes&#8221; wrap=&#8221;yes&#8221;][\/vc_column_inner][vc_column_inner width=&#8221;1\/2&#8243;][vc_column_text]Die horizontale Schaufel von Eurosystems erm\u00f6glicht die Reinigung von Au\u00dfenb\u00f6den von Schnee und Schmutz verschiedener Art. Das untere Gummiband und die seitlichen Einstellungen erm\u00f6glichen eine einfache und effektive Verwendung.[\/vc_column_text][\/vc_column_inner][\/vc_row_inner][vc_row_inner equal_height=&#8221;yes&#8221; content_placement=&#8221;middle&#8221;][vc_column_inner width=&#8221;1\/2&#8243;][vc_column_text]Seitenverstellbare Frontschaufel in 3 Positionen \u00b1 30 \u00b0 \u00fcber Hebel von der Fahrposition aus erreichbar[\/vc_column_text][\/vc_column_inner][vc_column_inner width=&#8221;1\/2&#8243;][vc_single_image image=&#8221;4334&#8243; img_size=&#8221;full&#8221;][\/vc_column_inner][\/vc_row_inner][vc_row_inner equal_height=&#8221;yes&#8221; content_placement=&#8221;middle&#8221; el_class=&#8221;inverti-mobile&#8221;][vc_column_inner width=&#8221;1\/2&#8243;][vc_single_image image=&#8221;5211&#8243; img_size=&#8221;full&#8221; css=&#8221;.vc_custom_1619598558232{padding-top: 30px !important;}&#8221;][\/vc_column_inner][vc_column_inner width=&#8221;1\/2&#8243;][vc_column_text]Sto\u00dffestes Gummiband unten f\u00fcr ein geschmeidigeres und komfortableres Fahren.[\/vc_column_text][\/vc_column_inner][\/vc_row_inner][vc_row_inner equal_height=&#8221;yes&#8221; content_placement=&#8221;middle&#8221;][vc_column_inner][vc_column_text]<\/p>\n<table style=\"border-collapse: collapse; width: 100%; height: 216px;\">\n<tbody>\n<tr style=\"height: 24px;\">\n<td style=\"width: 50%; height: 24px;\"><strong>Funktion<\/strong>:<\/td>\n<td style=\"width: 49.9401%; height: 24px;\" width=\"412\">Frontschaufel mit Schnellkupplung<\/td>\n<\/tr>\n<tr style=\"height: 24px;\">\n<td style=\"width: 50%; height: 24px;\"><strong>Rahmen<\/strong>:<\/td>\n<td style=\"width: 49.9401%; height: 24px;\" width=\"412\">aus Blech<\/td>\n<\/tr>\n<tr style=\"height: 24px;\">\n<td style=\"width: 50%; height: 24px;\"><strong>Arbeitsbreite<\/strong>:<\/td>\n<td style=\"width: 49.9401%; height: 24px;\" width=\"412\">85 cm<\/td>\n<\/tr>\n<tr style=\"height: 24px;\">\n<td style=\"width: 50%; height: 24px;\"><strong>Einstellungen<\/strong>:<\/td>\n<td style=\"width: 49.9401%; height: 24px;\" width=\"412\">seitlich \u00b1 30 \u00b0<\/td>\n<\/tr>\n<tr style=\"height: 24px;\">\n<td style=\"width: 50%; height: 24px;\"><strong>Umdrehungen pro Minute:<\/strong><\/td>\n<td style=\"width: 49.9401%; height: 24px;\">&#8211;<\/td>\n<\/tr>\n<tr style=\"height: 24px;\">\n<td style=\"width: 50%; height: 24px;\"><strong>Transportr\u00e4der<\/strong>:<\/td>\n<td style=\"width: 49.9401%; height: 24px;\">&#8211;<\/td>\n<\/tr>\n<tr style=\"height: 24px;\">\n<td style=\"width: 50%; height: 24px;\"><strong>Sonstiges<\/strong>:<\/td>\n<td style=\"width: 49.9401%; height: 24px;\" width=\"412\">sto\u00dffestes Gummiband<\/td>\n<\/tr>\n<tr style=\"height: 24px;\">\n<td style=\"width: 50%; height: 24px;\"><strong>Nettogewicht<\/strong>:<\/td>\n<td style=\"width: 49.9401%; height: 24px;\">18 Kg<\/td>\n<\/tr>\n<tr style=\"height: 24px;\">\n<td style=\"width: 50%; height: 24px;\"><strong>Abmessungen<\/strong>:<\/td>\n<td style=\"width: 49.9401%; height: 24px;\" width=\"412\">85x93x96(h) cm<\/td>\n<\/tr>\n<\/tbody>\n<\/table>\n<p>[\/vc_column_text][\/vc_column_inner][\/vc_row_inner][\/vc_tta_section][vc_tta_section title=&#8221;KEHRMASCHINE&#8221; tab_id=&#8221;1610447043525-4d28c953-677c&#8221;][vc_row_inner equal_height=&#8221;yes&#8221; content_placement=&#8221;middle&#8221; css=&#8221;.vc_custom_1618833837138{margin-bottom: 20px !important;}&#8221; el_class=&#8221;inverti-mobile&#8221;][vc_column_inner width=&#8221;1\/2&#8243;][vc_images_carousel images=&#8221;4272,5203,5199&#8243; img_size=&#8221;full&#8221; onclick=&#8221;link_no&#8221; autoplay=&#8221;yes&#8221; hide_pagination_control=&#8221;yes&#8221; wrap=&#8221;yes&#8221;][\/vc_column_inner][vc_column_inner width=&#8221;1\/2&#8243;][vc_column_text]Ger\u00e4t zur Reinigung von Au\u00dfenb\u00f6den von R\u00fcckst\u00e4nden verschiedener Art. Die seitlich schwenkbare Spiralb\u00fcrste ist ideal f\u00fcr den Einsatz auch auf nicht perfekt ebenen Fl\u00e4chen.[\/vc_column_text][\/vc_column_inner][\/vc_row_inner][vc_row_inner equal_height=&#8221;yes&#8221; content_placement=&#8221;middle&#8221;][vc_column_inner width=&#8221;1\/2&#8243;][vc_column_text]Spiralf\u00f6rmige Frontb\u00fcrste aus Polypropylen, Abmessungen 105 x \u00d830 cm, seitlich in 5 Positionen bei \u00b1 30\u00b0 einstellbar.[\/vc_column_text][\/vc_column_inner][vc_column_inner width=&#8221;1\/2&#8243;][vc_single_image image=&#8221;5215&#8243; img_size=&#8221;full&#8221;][\/vc_column_inner][\/vc_row_inner][vc_row_inner equal_height=&#8221;yes&#8221; content_placement=&#8221;middle&#8221;][vc_column_inner][vc_column_text]<\/p>\n<table style=\"border-collapse: collapse; width: 100%; height: 216px;\">\n<tbody>\n<tr style=\"height: 24px;\">\n<td style=\"width: 50%; height: 24px;\"><strong>Funktion<\/strong>:<\/td>\n<td style=\"width: 49.9401%;\" width=\"412\">Spiralb\u00fcrste aus Polypropylen \u00d830 cm mit horizontaler Achse<\/td>\n<\/tr>\n<tr style=\"height: 24px;\">\n<td style=\"width: 50%; height: 24px;\"><strong>Rahmen<\/strong>:<\/td>\n<td style=\"width: 49.9401%; height: 24px;\">aus Blech<\/td>\n<\/tr>\n<tr style=\"height: 24px;\">\n<td style=\"width: 50%; height: 24px;\"><strong>Arbeitsbreite<\/strong>:<\/td>\n<td style=\"width: 49.9401%; height: 24px;\">105 cm<\/td>\n<\/tr>\n<tr style=\"height: 24px;\">\n<td style=\"width: 50%; height: 24px;\"><strong>Einstellungen<\/strong>:<\/td>\n<td style=\"width: 49.9401%;\" width=\"412\">H\u00f6he \u00fcber Hinterr\u00e4der, seitlich \u00b1 30\u00b0<\/td>\n<\/tr>\n<tr>\n<td style=\"width: 50%;\"><strong>Umdrehungen pro Minute:<\/strong><\/td>\n<td style=\"width: 49.9401%;\">64<\/td>\n<\/tr>\n<tr style=\"height: 24px;\">\n<td style=\"width: 50%; height: 24px;\"><strong>Transportr\u00e4der<\/strong>:<\/td>\n<td style=\"width: 49.9401%;\" width=\"412\">zwei Vollgummir\u00e4der hinten, schwenkbar<\/td>\n<\/tr>\n<tr style=\"height: 24px;\">\n<td style=\"width: 50%; height: 24px;\"><strong>Sonstiges<\/strong>:<\/td>\n<td style=\"width: 49.9401%; height: 24px;\">&#8211;<\/td>\n<\/tr>\n<tr style=\"height: 24px;\">\n<td style=\"width: 50%; height: 24px;\"><strong>Nettogewicht<\/strong>:<\/td>\n<td style=\"width: 49.9401%; height: 24px;\">36 Kg<\/td>\n<\/tr>\n<tr style=\"height: 24px;\">\n<td style=\"width: 50%; height: 24px;\"><strong>Abmessungen<\/strong>:<\/td>\n<td style=\"width: 49.9401%;\" width=\"412\">105x86x100(h) cm<\/td>\n<\/tr>\n<\/tbody>\n<\/table>\n<p>[\/vc_column_text][\/vc_column_inner][\/vc_row_inner][\/vc_tta_section][vc_tta_section title=&#8221;KEHRMASCHINE MIT SAMMELBEH\u00c4LTER&#8221; tab_id=&#8221;1610447109288-9388b5fb-f961&#8243;][vc_row_inner equal_height=&#8221;yes&#8221; content_placement=&#8221;middle&#8221; css=&#8221;.vc_custom_1618833858615{margin-bottom: 20px !important;}&#8221; el_class=&#8221;inverti-mobile&#8221;][vc_column_inner width=&#8221;1\/2&#8243;][vc_images_carousel images=&#8221;4264,5207&#8243; img_size=&#8221;full&#8221; onclick=&#8221;link_no&#8221; autoplay=&#8221;yes&#8221; hide_pagination_control=&#8221;yes&#8221; wrap=&#8221;yes&#8221;][\/vc_column_inner][vc_column_inner width=&#8221;1\/2&#8243;][vc_column_text]Werkzeug zur Reinigung von Au\u00dfenb\u00f6den und zum Aufsammeln\/Entleeren von R\u00fcckst\u00e4nden verschiedener Art. Der vordere ABS-Kunststoffbeh\u00e4lter erm\u00f6glicht eine optimale Oberfl\u00e4chenreinigung und ein komfortables Entleeren des aufgesammelten Materials.[\/vc_column_text][\/vc_column_inner][\/vc_row_inner][vc_row_inner equal_height=&#8221;yes&#8221; content_placement=&#8221;middle&#8221;][vc_column_inner width=&#8221;1\/2&#8243;][vc_column_text]Spiralf\u00f6rmige Frontb\u00fcrste aus Polypropylen, Abmessungen 88 x \u00d830 cm, seitlich in 5 Positionen bei \u00b1 30\u00b0 einstellbar.[\/vc_column_text][\/vc_column_inner][vc_column_inner width=&#8221;1\/2&#8243;][vc_single_image image=&#8221;4594&#8243; img_size=&#8221;full&#8221; onclick=&#8221;link_image&#8221;][\/vc_column_inner][\/vc_row_inner][vc_row_inner equal_height=&#8221;yes&#8221; content_placement=&#8221;middle&#8221; el_class=&#8221;inverti-mobile&#8221;][vc_column_inner width=&#8221;1\/2&#8243;][vc_single_image image=&#8221;4590&#8243; img_size=&#8221;full&#8221; onclick=&#8221;link_image&#8221;][\/vc_column_inner][vc_column_inner width=&#8221;1\/2&#8243;][vc_column_text]Abnehmbarer ABS-Kunststoff-Frontauffangbeh\u00e4lter mit schwenkbaren Vollgummir\u00e4dern.[\/vc_column_text][\/vc_column_inner][\/vc_row_inner][vc_row_inner equal_height=&#8221;yes&#8221; content_placement=&#8221;middle&#8221;][vc_column_inner][vc_column_text]<\/p>\n<table style=\"border-collapse: collapse; width: 100%; height: 240px;\">\n<tbody>\n<tr style=\"height: 24px;\">\n<td style=\"width: 50%; height: 24px;\"><strong>Funktion<\/strong>:<\/td>\n<td style=\"width: 50%; height: 24px;\">Spiralb\u00fcrste aus Polypropylen \u00d830 cm mit horizontaler Achse und vorderem Sammelbeh\u00e4lter<\/td>\n<\/tr>\n<tr style=\"height: 24px;\">\n<td style=\"width: 50%; height: 24px;\"><strong>Rahmen<\/strong>:<\/td>\n<td style=\"width: 50%; height: 24px;\">aus Blech, vorderer Sammelbeh\u00e4lter aus Kunststoff<\/td>\n<\/tr>\n<tr style=\"height: 24px;\">\n<td style=\"width: 50%; height: 24px;\"><strong>Arbeitsbreite<\/strong>:<\/td>\n<td style=\"width: 50%; height: 24px;\">88 cm<\/td>\n<\/tr>\n<tr style=\"height: 24px;\">\n<td style=\"width: 50%; height: 24px;\"><strong>Einstellungen<\/strong>:<\/td>\n<td style=\"width: 50%; height: 24px;\">H\u00f6he \u00fcber Hinterr\u00e4der, seitlich \u00b1 30\u00b0<\/td>\n<\/tr>\n<tr style=\"height: 24px;\">\n<td style=\"width: 50%; height: 24px;\"><strong>Umdrehungen pro Minute:<\/strong><\/td>\n<td style=\"width: 50%; height: 24px;\">161<\/td>\n<\/tr>\n<tr style=\"height: 24px;\">\n<td style=\"width: 50%; height: 24px;\"><strong>Transportr\u00e4der<\/strong>:<\/td>\n<td style=\"width: 50%;\" width=\"412\">zwei Hinterr\u00e4der und zwei Vorderr\u00e4der aus Vollgummi schwenkbar<\/td>\n<\/tr>\n<tr style=\"height: 24px;\">\n<td style=\"width: 50%; height: 24px;\"><strong>Sonstiges<\/strong>:<\/td>\n<td style=\"width: 50%;\" width=\"412\">Abnehmbarer Sammelbeh\u00e4lter mit Griff<\/td>\n<\/tr>\n<tr style=\"height: 24px;\">\n<td style=\"width: 50%; height: 24px;\"><strong>Nettogewicht<\/strong>:<\/td>\n<td style=\"width: 50%; height: 24px;\">40 Kg<\/td>\n<\/tr>\n<tr style=\"height: 24px;\">\n<td style=\"width: 50%; height: 24px;\"><strong>Abmessungen<\/strong>:<\/td>\n<td style=\"width: 50%;\" width=\"412\">87x128x101(h) cm<\/td>\n<\/tr>\n<\/tbody>\n<\/table>\n<p>[\/vc_column_text][\/vc_column_inner][\/vc_row_inner][\/vc_tta_section][\/vc_tta_tour][\/vc_column][\/vc_row]<\/p>\n","protected":false},"excerpt":{"rendered":"<p>Die Minieffe ist klein, handlich und ideal f\u00fcr Gartenarbeiten und f\u00fcr alle, die Effizienz und Funktionalit\u00e4t suchen. Als Einstiegsmodell der Mehrzweckger\u00e4ten-Reihe ist sie bestens geeignet f\u00fcr Hobbyisten mit wenig Erfahrung oder f\u00fcr Arbeiten auf kleinen Fl\u00e4chen. Ideal f\u00fcr die Reinigung und Pflege von unkultivierten Gr\u00fcnfl\u00e4chen, das M\u00e4hen von Gras (Heuernte) und die Reinigung von Pflasterfl\u00e4chen im Au\u00dfenbereich.<\/p>\n<p>&nbsp;<\/p>\n<p><em>&#8211; 6 Arbeitsger\u00e4te<\/em><br \/>\n<em>&#8211; 2 Motorisierungen verf\u00fcgbar<\/em><br \/>\n<em>&#8211; Empfohlene Verwendung: Hobby <\/em><\/p>\n","protected":false},"featured_media":10338,"template":"","meta":{"_acf_changed":false,"inline_featured_image":false},"product_brand":[],"product_cat":[1958],"product_tag":[],"class_list":{"0":"post-10022","1":"product","2":"type-product","3":"status-publish","4":"has-post-thumbnail","6":"product_cat-multi-attrezzo-de","8":"first","9":"instock","10":"featured","11":"shipping-taxable","12":"product-type-simple"},"acf":[],"aioseo_notices":[],"_links":{"self":[{"href":"https:\/\/www.eurosystems-spa.it\/de\/wp-json\/wp\/v2\/product\/10022","targetHints":{"allow":["GET"]}}],"collection":[{"href":"https:\/\/www.eurosystems-spa.it\/de\/wp-json\/wp\/v2\/product"}],"about":[{"href":"https:\/\/www.eurosystems-spa.it\/de\/wp-json\/wp\/v2\/types\/product"}],"wp:featuredmedia":[{"embeddable":true,"href":"https:\/\/www.eurosystems-spa.it\/de\/wp-json\/wp\/v2\/media\/10338"}],"wp:attachment":[{"href":"https:\/\/www.eurosystems-spa.it\/de\/wp-json\/wp\/v2\/media?parent=10022"}],"wp:term":[{"taxonomy":"product_brand","embeddable":true,"href":"https:\/\/www.eurosystems-spa.it\/de\/wp-json\/wp\/v2\/product_brand?post=10022"},{"taxonomy":"product_cat","embeddable":true,"href":"https:\/\/www.eurosystems-spa.it\/de\/wp-json\/wp\/v2\/product_cat?post=10022"},{"taxonomy":"product_tag","embeddable":true,"href":"https:\/\/www.eurosystems-spa.it\/de\/wp-json\/wp\/v2\/product_tag?post=10022"}],"curies":[{"name":"wp","href":"https:\/\/api.w.org\/{rel}","templated":true}]}}